{"id":89549,"date":"2023-06-12T14:07:46","date_gmt":"2023-06-12T12:07:46","guid":{"rendered":"http:\/\/cafedefinca.com\/profesional\/?page_id=89549"},"modified":"2023-07-18T12:34:06","modified_gmt":"2023-07-18T10:34:06","slug":"hoteles","status":"publish","type":"page","link":"https:\/\/cafedefinca.com\/profesional\/hoteles\/","title":{"rendered":"Hoteles"},"content":{"rendered":"<div class=\"wpb-content-wrapper\"><p>[vc_row full_width=\u00bbstretch_row_content_no_spaces\u00bb css=\u00bb.vc_custom_1686571664906{background-image: url(http:\/\/cafedefinca.com\/profesional\/app\/uploads\/2023\/06\/background-hoteles.jpg?id=89550) !important;background-position: center !important;background-repeat: no-repeat !important;background-size: cover !important;}\u00bb el_class=\u00bbbanner\u00bb][vc_column][vc_custom_heading text=\u00bbCAF\u00c9 DE ESPECIALIDAD ORG\u00c1NICO Y 100% AR\u00c1BICA EN TODO TU HOTEL\u00bb font_container=\u00bbtag:h1|text_align:center\u00bb use_theme_fonts=\u00bbyes\u00bb][vc_btn title=\u00bbINF\u00d3RMATE\u00bb style=\u00bbclassic\u00bb align=\u00bbcenter\u00bb link=\u00bburl:%23contact\u00bb][\/vc_column][\/vc_row][vc_row full_width=\u00bbstretch_row_content\u00bb el_class=\u00bbsecciones-menu\u00bb][vc_column][vc_row_inner][vc_column_inner][vc_custom_heading text=\u00bbLA MEJOR EXPERIENCIA DE CAF\u00c9. TAMBI\u00c9N EN LA HABITACI\u00d3N Y EN EL BUFFET.\u00bb font_container=\u00bbtag:h2|text_align:center\u00bb use_theme_fonts=\u00bbyes\u00bb][vc_column_text]<\/p>\n<p style=\"text-align: center;\">Pensando en clientes del sector hotelero, hemos dise\u00f1ado un cat\u00e1logo de productos capaz de garantizar siempre la mejor experiencia de \u201ccoffee service\u201d ya sea en la habitaci\u00f3n, en el buffet o, por supuesto, en cafeter\u00eda. Y de manera muy sencilla y eficiente.<\/p>\n<p>[\/vc_column_text][\/vc_column_inner][\/vc_row_inner][vc_row_inner][vc_column_inner width=\u00bb1\/3&#8243; offset=\u00bbvc_hidden-xs\u00bb][vc_single_image image=\u00bb89554&#8243; img_size=\u00bbfull\u00bb alignment=\u00bbcenter\u00bb][vc_custom_heading text=\u00bb3 opciones para el buffet\u00bb font_container=\u00bbtag:h3|text_align:center\u00bb use_theme_fonts=\u00bbyes\u00bb][vc_column_text]<\/p>\n<p style=\"text-align: center;\">Puedes elegir entre caf\u00e9 tostado para espresso, superautom\u00e1tica o, incluso, c\u00e1psulas.<\/p>\n<p>[\/vc_column_text][\/vc_column_inner][vc_column_inner width=\u00bb1\/3&#8243; offset=\u00bbvc_hidden-xs\u00bb][vc_single_image image=\u00bb89553&#8243; img_size=\u00bbfull\u00bb alignment=\u00bbcenter\u00bb][vc_custom_heading text=\u00bbEl Room Coffee service ideal\u00bb font_container=\u00bbtag:h3|text_align:center\u00bb use_theme_fonts=\u00bbyes\u00bb][vc_column_text]<\/p>\n<p style=\"text-align: center;\">Elige entre c\u00e1psulas residuo cero o DRIPS monodosis para ofrecer el mejor caf\u00e9 con o sin cafetera.<\/p>\n<p>[\/vc_column_text][\/vc_column_inner][vc_column_inner width=\u00bb1\/3&#8243; offset=\u00bbvc_hidden-xs\u00bb][vc_single_image image=\u00bb89439&#8243; img_size=\u00bbfull\u00bb alignment=\u00bbcenter\u00bb][vc_custom_heading text=\u00bbServicio t\u00e9cnico preferente\u00bb font_container=\u00bbtag:h3|text_align:center\u00bb use_theme_fonts=\u00bbyes\u00bb][vc_column_text]<\/p>\n<p style=\"text-align: center;\">Estaremos a tu lado. Tanto para garantizar un buen mantenimiento como para resolver cualquier incidencia.<\/p>\n<p>[\/vc_column_text][\/vc_column_inner][\/vc_row_inner][vc_row_inner][vc_column_inner width=\u00bb1\/3&#8243; offset=\u00bbvc_hidden-xs\u00bb][vc_single_image image=\u00bb89449&#8243; img_size=\u00bbfull\u00bb alignment=\u00bbcenter\u00bb][vc_custom_heading text=\u00bbEntrega de pedidos express\u00bb font_container=\u00bbtag:h3|text_align:center\u00bb use_theme_fonts=\u00bbyes\u00bb][vc_column_text]<\/p>\n<p style=\"text-align: center;\">Sabemos lo importante que es no quedarse nunca sin caf\u00e9. Por eso hacemos lo imposible para entregarte tus pedidos en 24-48 h.<\/p>\n<p>[\/vc_column_text][\/vc_column_inner][vc_column_inner width=\u00bb1\/3&#8243; offset=\u00bbvc_hidden-xs\u00bb][vc_single_image image=\u00bb89448&#8243; img_size=\u00bbfull\u00bb alignment=\u00bbcenter\u00bb][vc_custom_heading text=\u00bbTarifa profesional\u00bb font_container=\u00bbtag:h3|text_align:center\u00bb use_theme_fonts=\u00bbyes\u00bb][vc_column_text]<\/p>\n<p style=\"text-align: center;\">Te ofrecemos tarifas especiales porque la rentabilidad de tu negocio es tambi\u00e9n la nuestra.<\/p>\n<p>[\/vc_column_text][\/vc_column_inner][vc_column_inner width=\u00bb1\/3&#8243; offset=\u00bbvc_hidden-xs\u00bb][vc_single_image image=\u00bb89512&#8243; img_size=\u00bbfull\u00bb alignment=\u00bbcenter\u00bb][vc_custom_heading text=\u00bbMaquinaria a medida\u00bb font_container=\u00bbtag:h3|text_align:center\u00bb use_theme_fonts=\u00bbyes\u00bb][vc_column_text]<\/p>\n<p style=\"text-align: center;\">Ponemos a tu disposici\u00f3n el cat\u00e1logo de cafeteras y herramientas m\u00e1s profesional del sector.<\/p>\n<p>[\/vc_column_text][\/vc_column_inner][\/vc_row_inner][vc_row_inner equal_height=\u00bbyes\u00bb][vc_column_inner width=\u00bb1\/6&#8243; offset=\u00bbvc_hidden-lg vc_hidden-md vc_hidden-sm vc_col-xs-6&#8243;][vc_single_image image=\u00bb89554&#8243; img_size=\u00bbfull\u00bb alignment=\u00bbcenter\u00bb][vc_custom_heading text=\u00bb3 opciones para el buffet\u00bb font_container=\u00bbtag:h3|text_align:center\u00bb use_theme_fonts=\u00bbyes\u00bb][vc_column_text]<\/p>\n<p style=\"text-align: center;\">Puedes elegir entre caf\u00e9 tostado para espresso, superautom\u00e1tica o, incluso, c\u00e1psulas.<\/p>\n<p>[\/vc_column_text][\/vc_column_inner][vc_column_inner width=\u00bb1\/6&#8243; offset=\u00bbvc_hidden-lg vc_hidden-md vc_hidden-sm vc_col-xs-6&#8243;][vc_single_image image=\u00bb89553&#8243; img_size=\u00bbfull\u00bb alignment=\u00bbcenter\u00bb][vc_custom_heading text=\u00bbEl Room Coffee service ideal\u00bb font_container=\u00bbtag:h3|text_align:center\u00bb use_theme_fonts=\u00bbyes\u00bb][vc_column_text]<\/p>\n<p style=\"text-align: center;\">Elige entre c\u00e1psulas residuo cero o DRIPS monodosis para ofrecer el mejor caf\u00e9 con o sin cafetera.<\/p>\n<p>[\/vc_column_text][\/vc_column_inner][vc_column_inner width=\u00bb1\/6&#8243; offset=\u00bbvc_hidden-lg vc_hidden-md vc_hidden-sm vc_col-xs-6&#8243;][vc_single_image image=\u00bb89439&#8243; img_size=\u00bbfull\u00bb alignment=\u00bbcenter\u00bb][vc_custom_heading text=\u00bbServicio t\u00e9cnico preferente\u00bb font_container=\u00bbtag:h3|text_align:center\u00bb use_theme_fonts=\u00bbyes\u00bb][vc_column_text]<\/p>\n<p style=\"text-align: center;\">Estaremos a tu lado. Tanto para garantizar un buen mantenimiento como para resolver cualquier incidencia.<\/p>\n<p>[\/vc_column_text][\/vc_column_inner][vc_column_inner width=\u00bb1\/6&#8243; offset=\u00bbvc_hidden-lg vc_hidden-md vc_hidden-sm vc_col-xs-6&#8243;][vc_single_image image=\u00bb89449&#8243; img_size=\u00bbfull\u00bb alignment=\u00bbcenter\u00bb][vc_custom_heading text=\u00bbEntrega de pedidos express\u00bb font_container=\u00bbtag:h3|text_align:center\u00bb use_theme_fonts=\u00bbyes\u00bb][vc_column_text]<\/p>\n<p style=\"text-align: center;\">Sabemos lo importante que es no quedarse nunca sin caf\u00e9. Por eso hacemos lo imposible para entregarte tus pedidos en 24-48 h.<\/p>\n<p>[\/vc_column_text][\/vc_column_inner][vc_column_inner width=\u00bb1\/6&#8243; offset=\u00bbvc_hidden-lg vc_hidden-md vc_hidden-sm vc_col-xs-6&#8243;][vc_single_image image=\u00bb89448&#8243; img_size=\u00bbfull\u00bb alignment=\u00bbcenter\u00bb][vc_custom_heading text=\u00bbTarifa profesional\u00bb font_container=\u00bbtag:h3|text_align:center\u00bb use_theme_fonts=\u00bbyes\u00bb][vc_column_text]<\/p>\n<p style=\"text-align: center;\">Te ofrecemos tarifas especiales porque la rentabilidad de tu negocio es tambi\u00e9n la nuestra.<\/p>\n<p>[\/vc_column_text][\/vc_column_inner][vc_column_inner width=\u00bb1\/6&#8243; offset=\u00bbvc_hidden-lg vc_hidden-md vc_hidden-sm vc_col-xs-6&#8243;][vc_single_image image=\u00bb89512&#8243; img_size=\u00bbfull\u00bb alignment=\u00bbcenter\u00bb][vc_custom_heading text=\u00bbMaquinaria a medida\u00bb font_container=\u00bbtag:h3|text_align:center\u00bb use_theme_fonts=\u00bbyes\u00bb][vc_column_text]<\/p>\n<p style=\"text-align: center;\">Ponemos a tu disposici\u00f3n el cat\u00e1logo de cafeteras y herramientas m\u00e1s profesional del sector.<\/p>\n<p>[\/vc_column_text][\/vc_column_inner][\/vc_row_inner][\/vc_column][\/vc_row][vc_row el_class=\u00bbmarcas\u00bb][vc_column][vc_row_inner][vc_column_inner][vc_custom_heading text=\u00bbD\u00d3NDE ESTAMOS\u00bb font_container=\u00bbtag:h2|text_align:center\u00bb use_theme_fonts=\u00bbyes\u00bb][vc_column_text]<\/p>\n<p style=\"text-align: center;\">Cada vez son m\u00e1s las empresas que nos conf\u00edan su servicio de caf\u00e9.<\/p>\n<p>[\/vc_column_text][\/vc_column_inner][\/vc_row_inner][vc_row_inner equal_height=\u00bbyes\u00bb content_placement=\u00bbmiddle\u00bb][vc_column_inner]            <ul class=\"carousel-clientes owl-carousel owl-theme\">\n                                    <li>\n                        <div>\n                            <img decoding=\"async\" src=\"https:\/\/cafedefinca.com\/profesional\/app\/uploads\/2023\/06\/SOHO-HOUSE.svg\" \/>\n                        <\/div>\n                    <\/li>\n                                    <li>\n                        <div>\n                            <img decoding=\"async\" src=\"https:\/\/cafedefinca.com\/profesional\/app\/uploads\/2023\/06\/SMARTRENTAL-1.svg\" \/>\n                        <\/div>\n                    <\/li>\n                                    <li>\n                        <div>\n                            <img decoding=\"async\" src=\"https:\/\/cafedefinca.com\/profesional\/app\/uploads\/2023\/06\/SOHO-HOTELES.svg\" \/>\n                        <\/div>\n                    <\/li>\n                                    <li>\n                        <div>\n                            <img decoding=\"async\" src=\"https:\/\/cafedefinca.com\/profesional\/app\/uploads\/2023\/07\/logo-wittmore-hotel.svg\" \/>\n                        <\/div>\n                    <\/li>\n                                    <li>\n                        <div>\n                            <img decoding=\"async\" src=\"https:\/\/cafedefinca.com\/profesional\/app\/uploads\/2023\/07\/hotel-sant-cugat-logo.svg\" \/>\n                        <\/div>\n                    <\/li>\n                                    <li>\n                        <div>\n                            <img decoding=\"async\" src=\"https:\/\/cafedefinca.com\/profesional\/app\/uploads\/2023\/07\/hotel-neri.svg\" \/>\n                        <\/div>\n                    <\/li>\n                                    <li>\n                        <div>\n                            <img decoding=\"async\" src=\"https:\/\/cafedefinca.com\/profesional\/app\/uploads\/2023\/07\/Nobu-hotel-1.svg\" \/>\n                        <\/div>\n                    <\/li>\n                            <\/ul>\n            <script type=\"text\/javascript\">\n                jQuery(document).ready(function() {\n                    jQuery('.carousel-clientes').owlCarousel({\n                        loop: true,\n                        items: 5,\n                        nav: false,\n                        dots: false,\n                        margin: 40,\n                        autoplay: true,\n                        autoplayTimeout: 1500,\n                        smartSpeed: 1500,\n                        autoplayHoverPause: true,\n                        responsive: {\n                            0: {\n                                items: 1                            },\n                            480: {\n                                items: 2                            },\n                            1000: {\n                                items: 5                            }\n                        },\n                        navText: ['<span aria-label=\"Previous\">\u2039<\/span>', '<span aria-label=\"Next\">\u203a<\/span>']\n                    });\n                })\n            <\/script>\n[\/vc_column_inner][\/vc_row_inner][\/vc_column][\/vc_row][vc_row full_width=\u00bbstretch_row_content_no_spaces\u00bb css=\u00bb.vc_custom_1686567994117{background-image: url(http:\/\/cafedefinca.com\/profesional\/app\/uploads\/2023\/06\/background-100porcien.jpg?id=89513) !important;background-position: center !important;background-repeat: no-repeat !important;background-size: cover !important;}\u00bb el_class=\u00bbsostenible\u00bb][vc_column][vc_row_inner][vc_column_inner width=\u00bb1\/3&#8243;][vc_column_text]<\/p>\n<p style=\"text-align: center;\">100% SOSTENIBLE<\/p>\n<p>[\/vc_column_text][\/vc_column_inner][vc_column_inner width=\u00bb1\/3&#8243;][\/vc_column_inner][vc_column_inner width=\u00bb1\/3&#8243;][vc_column_text]<\/p>\n<p style=\"text-align: center;\">100% MEMORABLE<\/p>\n<p>[\/vc_column_text][\/vc_column_inner][\/vc_row_inner][\/vc_column][\/vc_row][vc_row full_width=\u00bbstretch_row_content_no_spaces\u00bb el_class=\u00bbgestion\u00bb][vc_column][vc_single_image image=\u00bb89521&#8243; img_size=\u00bbfull\u00bb alignment=\u00bbcenter\u00bb][vc_custom_heading text=\u00bbGESTIONA TUS PEDIDOS EN UN PLIS\u00bb font_container=\u00bbtag:h2|text_align:center\u00bb use_theme_fonts=\u00bbyes\u00bb][vc_column_text]<\/p>\n<p style=\"text-align: center;\">Como cliente profesional tendr\u00e1s acceso a nuestro portal exclusivo para realizar tus pedidos de la manera m\u00e1s sencilla, c\u00f3moda y eficiente. Y en menos de 1 minuto.<\/p>\n<p>[\/vc_column_text][\/vc_column][\/vc_row][vc_row][vc_column][vc_row el_id=\"contact\" el_class=\"contacto\"][vc_column width=\"1\/2\"][vc_custom_heading text=\"D\u00c9JANOS EXPLICARTE TODO LO QUE PODEMOS HACER POR TI\" use_theme_fonts=\"yes\"][vc_column_text]Facil\u00edtanos tus datos y uno de nuestros comerciales te explicar\u00e1 de manera personal todas las ventajas que podemos ofrecerte como profesional.[\/vc_column_text][vc_row_inner][vc_column_inner width=\"1\/4\"][vc_single_image image=\"89718\" img_size=\"full\"][\/vc_column_inner][vc_column_inner el_class=\"consultor\" width=\"3\/4\"][vc_column_text css=\"\"]<strong>Guillermo \u00c1lvarez<\/strong>\r\n\r\nResponsable Horeca\r\n\r\n610 428 925\r\ng.alvarez@cafedefinca.es[\/vc_column_text][\/vc_column_inner][\/vc_row_inner][\/vc_column][vc_column width=\"1\/2\"]\n<div class=\"wpcf7 no-js\" id=\"wpcf7-f90019-o1\" lang=\"es-ES\" dir=\"ltr\" data-wpcf7-id=\"90019\">\n<div class=\"screen-reader-response\"><p role=\"status\" aria-live=\"polite\" aria-atomic=\"true\"><\/p> <ul><\/ul><\/div>\n<form action=\"\/profesional\/wp-json\/wp\/v2\/pages\/89549#wpcf7-f90019-o1\" method=\"post\" class=\"wpcf7-form init\" aria-label=\"Formulario de contacto\" novalidate=\"novalidate\" data-status=\"init\">\n<fieldset class=\"hidden-fields-container\"><input type=\"hidden\" name=\"_wpcf7\" value=\"90019\" \/><input type=\"hidden\" name=\"_wpcf7_version\" value=\"6.1.5\" \/><input type=\"hidden\" name=\"_wpcf7_locale\" value=\"es_ES\" \/><input type=\"hidden\" name=\"_wpcf7_unit_tag\" value=\"wpcf7-f90019-o1\" \/><input type=\"hidden\" name=\"_wpcf7_container_post\" value=\"0\" \/><input type=\"hidden\" name=\"_wpcf7_posted_data_hash\" value=\"\" \/><input type=\"hidden\" name=\"_wpcf7_recaptcha_response\" value=\"\" \/>\n<\/fieldset>\n<p><span class=\"wpcf7-form-control-wrap\" data-name=\"your-name\"><input size=\"40\" maxlength=\"400\" class=\"wpcf7-form-control wpcf7-text wpcf7-validates-as-required\" aria-required=\"true\" aria-invalid=\"false\" placeholder=\"NOMBRE *\" value=\"\" type=\"text\" name=\"your-name\" \/><\/span>\n<\/p>\n<p><span class=\"wpcf7-form-control-wrap\" data-name=\"company\"><input size=\"40\" maxlength=\"400\" class=\"wpcf7-form-control wpcf7-text wpcf7-validates-as-required\" aria-required=\"true\" aria-invalid=\"false\" placeholder=\"NOMBRE DE LA EMPRESA *\" value=\"\" type=\"text\" name=\"company\" \/><\/span>\n<\/p>\n<p><span class=\"wpcf7-form-control-wrap\" data-name=\"your-email\"><input size=\"40\" maxlength=\"400\" class=\"wpcf7-form-control wpcf7-email wpcf7-validates-as-required wpcf7-text wpcf7-validates-as-email\" aria-required=\"true\" aria-invalid=\"false\" placeholder=\"EMAIL *\" value=\"\" type=\"email\" name=\"your-email\" \/><\/span>\n<\/p>\n<p><span class=\"wpcf7-form-control-wrap\" data-name=\"movil\"><input size=\"40\" maxlength=\"400\" class=\"wpcf7-form-control wpcf7-text wpcf7-validates-as-required\" aria-required=\"true\" aria-invalid=\"false\" placeholder=\"M\u00d3VIL\" value=\"\" type=\"text\" name=\"movil\" \/><\/span>\n<\/p>\n<p><span class=\"wpcf7-form-control-wrap\" data-name=\"mensaje\"><textarea cols=\"40\" rows=\"10\" maxlength=\"2000\" class=\"wpcf7-form-control wpcf7-textarea wpcf7-validates-as-required\" aria-required=\"true\" aria-invalid=\"false\" placeholder=\"MENSAJE\" name=\"mensaje\"><\/textarea><\/span>\n<\/p>\n<p><span class=\"wpcf7-form-control-wrap\" data-name=\"acceptance-966\"><span class=\"wpcf7-form-control wpcf7-acceptance\"><span class=\"wpcf7-list-item\"><label><input type=\"checkbox\" name=\"acceptance-966\" value=\"1\" aria-invalid=\"false\" \/><span class=\"wpcf7-list-item-label\">Al hacer clic en enviar est\u00e1s aceptado la pol\u00edtica de privacidad.<\/span><\/label><\/span><\/span><\/span>\n<\/p>\n<p><input class=\"wpcf7-form-control wpcf7-submit has-spinner\" type=\"submit\" value=\"ENVIAR\" \/>\n<\/p><div class=\"wpcf7-response-output\" aria-hidden=\"true\"><\/div>\n<\/form>\n<\/div>\n[\/vc_column][\/vc_row][\/vc_column][\/vc_row][vc_row full_width=\u00bbstretch_row_content_no_spaces\u00bb css=\u00bb.vc_custom_1686568527926{background-image: url(http:\/\/cafedefinca.com\/profesional\/app\/uploads\/2023\/06\/background-generico.jpg?id=89526) !important;background-position: center !important;background-repeat: no-repeat !important;background-size: cover !important;}\u00bb][vc_column][vc_empty_space height=\u00bb398px\u00bb][\/vc_column][\/vc_row]<\/p>\n<\/div>","protected":false},"excerpt":{"rendered":"<p>[vc_row full_width=\u00bbstretch_row_content_no_spaces\u00bb css=\u00bb.vc_custom_1686571664906{background-image: url(http:\/\/cafedefinca.com\/profesional\/app\/uploads\/2023\/06\/background-hoteles.jpg?id=89550) !important;background-position: center !important;background-repeat: no-repeat !important;background-size: cover !important;}\u00bb el_class=\u00bbbanner\u00bb][vc_column][vc_custom_heading text=\u00bbCAF\u00c9 DE ESPECIALIDAD ORG\u00c1NICO Y 100% AR\u00c1BICA EN TODO TU HOTEL\u00bb font_container=\u00bbtag:h1|text_align:center\u00bb use_theme_fonts=\u00bbyes\u00bb][vc_btn title=\u00bbINF\u00d3RMATE\u00bb style=\u00bbclassic\u00bb align=\u00bbcenter\u00bb link=\u00bburl:%23contact\u00bb][\/vc_column][\/vc_row][vc_row full_width=\u00bbstretch_row_content\u00bb el_class=\u00bbsecciones-menu\u00bb][vc_column][vc_row_inner][vc_column_inner][vc_custom_heading text=\u00bbLA MEJOR EXPERIENCIA DE CAF\u00c9. TAMBI\u00c9N EN LA HABITACI\u00d3N Y EN EL BUFFET.\u00bb font_container=\u00bbtag:h2|text_align:center\u00bb use_theme_fonts=\u00bbyes\u00bb][vc_column_text] Pensando en clientes del sector hotelero, hemos dise\u00f1ado un [&hellip;]<\/p>\n","protected":false},"author":438,"featured_media":0,"parent":0,"menu_order":0,"comment_status":"closed","ping_status":"closed","template":"","meta":{"_acf_changed":false,"inline_featured_image":false,"footnotes":""},"class_list":["post-89549","page","type-page","status-publish","hentry"],"acf":[],"_links":{"self":[{"href":"https:\/\/cafedefinca.com\/profesional\/wp-json\/wp\/v2\/pages\/89549","targetHints":{"allow":["GET"]}}],"collection":[{"href":"https:\/\/cafedefinca.com\/profesional\/wp-json\/wp\/v2\/pages"}],"about":[{"href":"https:\/\/cafedefinca.com\/profesional\/wp-json\/wp\/v2\/types\/page"}],"author":[{"embeddable":true,"href":"https:\/\/cafedefinca.com\/profesional\/wp-json\/wp\/v2\/users\/438"}],"replies":[{"embeddable":true,"href":"https:\/\/cafedefinca.com\/profesional\/wp-json\/wp\/v2\/comments?post=89549"}],"version-history":[{"count":16,"href":"https:\/\/cafedefinca.com\/profesional\/wp-json\/wp\/v2\/pages\/89549\/revisions"}],"predecessor-version":[{"id":90237,"href":"https:\/\/cafedefinca.com\/profesional\/wp-json\/wp\/v2\/pages\/89549\/revisions\/90237"}],"wp:attachment":[{"href":"https:\/\/cafedefinca.com\/profesional\/wp-json\/wp\/v2\/media?parent=89549"}],"curies":[{"name":"wp","href":"https:\/\/api.w.org\/{rel}","templated":true}]}}