{"id":89574,"date":"2023-06-12T15:02:40","date_gmt":"2023-06-12T13:02:40","guid":{"rendered":"http:\/\/cafedefinca.com\/profesional\/?page_id=89574"},"modified":"2023-07-24T14:59:32","modified_gmt":"2023-07-24T12:59:32","slug":"eventos","status":"publish","type":"page","link":"https:\/\/cafedefinca.com\/profesional\/eventos\/","title":{"rendered":"Eventos"},"content":{"rendered":"<div class=\"wpb-content-wrapper\"><p>[vc_row full_width=\u00bbstretch_row_content_no_spaces\u00bb css=\u00bb.vc_custom_1687784508395{background-image: url(http:\/\/cafedefinca.com\/profesional\/app\/uploads\/2023\/06\/background-eventos-2.jpg?id=89697) !important;background-position: center !important;background-repeat: no-repeat !important;background-size: cover !important;}\u00bb el_class=\u00bbbanner\u00bb][vc_column][vc_custom_heading text=\u00bbLLEVAMOS EL MEJOR CAF\u00c9 DE ESPECIALIDAD ALL\u00cd DONDE EST\u00c9 LA ACCI\u00d3N\u00bb font_container=\u00bbtag:h1|text_align:center\u00bb use_theme_fonts=\u00bbyes\u00bb][vc_btn title=\u00bbINF\u00d3RMESE\u00bb style=\u00bbclassic\u00bb align=\u00bbcenter\u00bb link=\u00bburl:%23contact\u00bb][\/vc_column][\/vc_row][vc_row full_width=\u00bbstretch_row_content\u00bb el_class=\u00bbsecciones-menu\u00bb][vc_column][vc_row_inner][vc_column_inner][vc_custom_heading text=\u00bbUN PARTNER DE CALIDAD PARA SU EVENTO\u00bb font_container=\u00bbtag:h2|text_align:center\u00bb use_theme_fonts=\u00bbyes\u00bb][vc_column_text]<\/p>\n<p style=\"text-align: center;\">Podemos organizar un coffe-break memorable. O podemos, incluso, dise\u00f1ar todo un evento y una experiencia exlusiva alrededor del caf\u00e9.<\/p>\n<p>[\/vc_column_text][\/vc_column_inner][\/vc_row_inner][vc_row_inner][vc_column_inner width=\u00bb1\/3&#8243; offset=\u00bbvc_hidden-xs\u00bb][vc_single_image image=\u00bb89576&#8243; img_size=\u00bbfull\u00bb alignment=\u00bbcenter\u00bb][vc_custom_heading text=\u00bbEl tama\u00f1o no importa\u00bb font_container=\u00bbtag:h3|text_align:center\u00bb use_theme_fonts=\u00bbyes\u00bb][vc_column_text]<\/p>\n<p style=\"text-align: center;\">Adaptamos nuestra oferta y el servicio a todo tipo de eventos. Ya sean de 15 o de mil personas.<\/p>\n<p>[\/vc_column_text][\/vc_column_inner][vc_column_inner width=\u00bb1\/3&#8243; offset=\u00bbvc_hidden-xs\u00bb][vc_single_image image=\u00bb89577&#8243; img_size=\u00bbfull\u00bb alignment=\u00bbcenter\u00bb][vc_custom_heading text=\u00bbServicio barista profesional\u00bb font_container=\u00bbtag:h3|text_align:center\u00bb use_theme_fonts=\u00bbyes\u00bb][vc_column_text]<\/p>\n<p style=\"text-align: center;\">Tomar un caf\u00e9 en un evento no significa renunciar la calidad. Nuestros baristas se encargan de ello.<\/p>\n<p>[\/vc_column_text][\/vc_column_inner][vc_column_inner width=\u00bb1\/3&#8243; offset=\u00bbvc_hidden-xs\u00bb][vc_single_image image=\u00bb89578&#8243; img_size=\u00bbfull\u00bb alignment=\u00bbcenter\u00bb][vc_custom_heading text=\u00bbCoffee-neta\u00bb font_container=\u00bbtag:h3|text_align:center\u00bb use_theme_fonts=\u00bbyes\u00bb][vc_column_text]<\/p>\n<p style=\"text-align: center;\">Nuestra versi\u00f3n de foodtrack es la coffee-neta. Lista para servir Caf\u00e9 de Finca donde sea.<\/p>\n<p>[\/vc_column_text][\/vc_column_inner][\/vc_row_inner][vc_row_inner][vc_column_inner width=\u00bb1\/3&#8243; offset=\u00bbvc_hidden-xs\u00bb][vc_single_image image=\u00bb89571&#8243; img_size=\u00bbfull\u00bb alignment=\u00bbcenter\u00bb][vc_custom_heading text=\u00bbCarta especializada\u00bb font_container=\u00bbtag:h3|text_align:center\u00bb use_theme_fonts=\u00bbyes\u00bb][vc_column_text]<\/p>\n<p style=\"text-align: center;\">Desde espresso hasta flat white, pasando por lattes y recetas con todo tipo de leches vegetales y siropes.<\/p>\n<p>[\/vc_column_text][\/vc_column_inner][vc_column_inner width=\u00bb1\/3&#8243; offset=\u00bbvc_hidden-xs\u00bb][vc_single_image image=\u00bb89562&#8243; img_size=\u00bbfull\u00bb alignment=\u00bbcenter\u00bb][vc_custom_heading text=\u00bbVasos 100% biodegradables\u00bb font_container=\u00bbtag:h3|text_align:center\u00bb use_theme_fonts=\u00bbyes\u00bb][vc_column_text]<\/p>\n<p style=\"text-align: center;\">Los vasos y los consumibles de servicio son biode-gradables y respetuosos con el medio ambiente.<\/p>\n<p>[\/vc_column_text][\/vc_column_inner][vc_column_inner width=\u00bb1\/3&#8243; offset=\u00bbvc_hidden-xs\u00bb][vc_single_image image=\u00bb89563&#8243; img_size=\u00bbfull\u00bb alignment=\u00bbcenter\u00bb][vc_custom_heading text=\u00bbAz\u00facar panela Costa Rica\u00bb font_container=\u00bbtag:h3|text_align:center\u00bb use_theme_fonts=\u00bbyes\u00bb][vc_column_text]<\/p>\n<p style=\"text-align: center;\">Un buen caf\u00e9 merece los mejores complementos, por eso llevamos el mejor az\u00facar de Costa rica.<\/p>\n<p>[\/vc_column_text][\/vc_column_inner][\/vc_row_inner][vc_row_inner equal_height=\u00bbyes\u00bb][vc_column_inner width=\u00bb1\/6&#8243; offset=\u00bbvc_hidden-lg vc_hidden-md vc_hidden-sm vc_col-xs-6&#8243;][vc_single_image image=\u00bb89576&#8243; img_size=\u00bbfull\u00bb alignment=\u00bbcenter\u00bb][vc_custom_heading text=\u00bbEl tama\u00f1o no importa\u00bb font_container=\u00bbtag:h3|text_align:center\u00bb use_theme_fonts=\u00bbyes\u00bb][vc_column_text]<\/p>\n<p style=\"text-align: center;\">Adaptamos nuestra oferta y el servicio a todo tipo de eventos. Ya sean de 15 o de mil personas.<\/p>\n<p>[\/vc_column_text][\/vc_column_inner][vc_column_inner width=\u00bb1\/6&#8243; offset=\u00bbvc_hidden-lg vc_hidden-md vc_hidden-sm vc_col-xs-6&#8243;][vc_single_image image=\u00bb89577&#8243; img_size=\u00bbfull\u00bb alignment=\u00bbcenter\u00bb][vc_custom_heading text=\u00bbServicio barista profesional\u00bb font_container=\u00bbtag:h3|text_align:center\u00bb use_theme_fonts=\u00bbyes\u00bb][vc_column_text]<\/p>\n<p style=\"text-align: center;\">Tomar un caf\u00e9 en un evento no significa renunciar la calidad. Nuestros baristas se encargan de ello.<\/p>\n<p>[\/vc_column_text][\/vc_column_inner][vc_column_inner width=\u00bb1\/6&#8243; offset=\u00bbvc_hidden-lg vc_hidden-md vc_hidden-sm vc_col-xs-6&#8243;][vc_single_image image=\u00bb89578&#8243; img_size=\u00bbfull\u00bb alignment=\u00bbcenter\u00bb][vc_custom_heading text=\u00bbCoffee-neta\u00bb font_container=\u00bbtag:h3|text_align:center\u00bb use_theme_fonts=\u00bbyes\u00bb][vc_column_text]<\/p>\n<p style=\"text-align: center;\">Nuestra versi\u00f3n de foodtrack es la coffee-neta. Lista para servir Caf\u00e9 de Finca donde sea.<\/p>\n<p>[\/vc_column_text][\/vc_column_inner][vc_column_inner width=\u00bb1\/6&#8243; offset=\u00bbvc_hidden-lg vc_hidden-md vc_hidden-sm vc_col-xs-6&#8243;][vc_single_image image=\u00bb89571&#8243; img_size=\u00bbfull\u00bb alignment=\u00bbcenter\u00bb][vc_custom_heading text=\u00bbCarta especializada\u00bb font_container=\u00bbtag:h3|text_align:center\u00bb use_theme_fonts=\u00bbyes\u00bb][vc_column_text]<\/p>\n<p style=\"text-align: center;\">Desde espresso hasta flat white, pasando por lattes y recetas con todo tipo de leches vegetales y siropes.<\/p>\n<p>[\/vc_column_text][\/vc_column_inner][vc_column_inner width=\u00bb1\/6&#8243; offset=\u00bbvc_hidden-lg vc_hidden-md vc_hidden-sm vc_col-xs-6&#8243;][vc_single_image image=\u00bb89562&#8243; img_size=\u00bbfull\u00bb alignment=\u00bbcenter\u00bb][vc_custom_heading text=\u00bbVasos 100% biodegradables\u00bb font_container=\u00bbtag:h3|text_align:center\u00bb use_theme_fonts=\u00bbyes\u00bb][vc_column_text]<\/p>\n<p style=\"text-align: center;\">Los vasos y los consumibles de servicio son biode-gradables y respetuosos con el medio ambiente.<\/p>\n<p>[\/vc_column_text][\/vc_column_inner][vc_column_inner width=\u00bb1\/6&#8243; offset=\u00bbvc_hidden-lg vc_hidden-md vc_hidden-sm vc_col-xs-6&#8243;][vc_single_image image=\u00bb89563&#8243; img_size=\u00bbfull\u00bb alignment=\u00bbcenter\u00bb][vc_custom_heading text=\u00bbAz\u00facar panela Costa Rica\u00bb font_container=\u00bbtag:h3|text_align:center\u00bb use_theme_fonts=\u00bbyes\u00bb][vc_column_text]<\/p>\n<p style=\"text-align: center;\">Un buen caf\u00e9 merece los mejores complementos, por eso llevamos el mejor az\u00facar de Costa rica.<\/p>\n<p>[\/vc_column_text][\/vc_column_inner][\/vc_row_inner][\/vc_column][\/vc_row][vc_row el_class=\u00bbmarcas\u00bb][vc_column][vc_row_inner][vc_column_inner][vc_custom_heading text=\u00bbD\u00d3NDE ESTAMOS\u00bb font_container=\u00bbtag:h2|text_align:center\u00bb use_theme_fonts=\u00bbyes\u00bb][vc_column_text]<\/p>\n<p style=\"text-align: center;\">Cada vez son m\u00e1s las empresas que nos conf\u00edan su servicio de caf\u00e9.<\/p>\n<p>[\/vc_column_text][\/vc_column_inner][\/vc_row_inner][vc_row_inner equal_height=\u00bbyes\u00bb content_placement=\u00bbmiddle\u00bb][vc_column_inner]            <ul class=\"carousel-clientes owl-carousel owl-theme\">\n                                    <li>\n                        <div>\n                            <img decoding=\"async\" src=\"https:\/\/cafedefinca.com\/profesional\/app\/uploads\/2023\/06\/ON-RUNNING-1.svg\" \/>\n                        <\/div>\n                    <\/li>\n                                    <li>\n                        <div>\n                            <img decoding=\"async\" src=\"https:\/\/cafedefinca.com\/profesional\/app\/uploads\/2023\/06\/Group-129.svg\" \/>\n                        <\/div>\n                    <\/li>\n                                    <li>\n                        <div>\n                            <img decoding=\"async\" src=\"https:\/\/cafedefinca.com\/profesional\/app\/uploads\/2023\/06\/THE-NORTH-FACE-1.svg\" \/>\n                        <\/div>\n                    <\/li>\n                                    <li>\n                        <div>\n                            <img decoding=\"async\" src=\"https:\/\/cafedefinca.com\/profesional\/app\/uploads\/2023\/06\/suunto.svg\" \/>\n                        <\/div>\n                    <\/li>\n                                    <li>\n                        <div>\n                            <img decoding=\"async\" src=\"https:\/\/cafedefinca.com\/profesional\/app\/uploads\/2023\/07\/JURA-1.svg\" \/>\n                        <\/div>\n                    <\/li>\n                                    <li>\n                        <div>\n                            <img decoding=\"async\" src=\"https:\/\/cafedefinca.com\/profesional\/app\/uploads\/2023\/07\/RFEF.svg\" \/>\n                        <\/div>\n                    <\/li>\n                            <\/ul>\n            <script type=\"text\/javascript\">\n                jQuery(document).ready(function() {\n                    jQuery('.carousel-clientes').owlCarousel({\n                        loop: true,\n                        items: 5,\n                        nav: false,\n                        dots: false,\n                        margin: 40,\n                        autoplay: true,\n                        autoplayTimeout: 1500,\n                        smartSpeed: 1500,\n                        autoplayHoverPause: true,\n                        responsive: {\n                            0: {\n                                items: 1                            },\n                            480: {\n                                items: 2                            },\n                            1000: {\n                                items: 5                            }\n                        },\n                        navText: ['<span aria-label=\"Previous\">\u2039<\/span>', '<span aria-label=\"Next\">\u203a<\/span>']\n                    });\n                })\n            <\/script>\n[\/vc_column_inner][\/vc_row_inner][\/vc_column][\/vc_row][vc_row full_width=\u00bbstretch_row_content_no_spaces\u00bb css=\u00bb.vc_custom_1686567994117{background-image: url(http:\/\/cafedefinca.com\/profesional\/app\/uploads\/2023\/06\/background-100porcien.jpg?id=89513) !important;background-position: center !important;background-repeat: no-repeat !important;background-size: cover !important;}\u00bb el_class=\u00bbsostenible\u00bb][vc_column][vc_row_inner][vc_column_inner width=\u00bb1\/3&#8243;][vc_column_text]<\/p>\n<p style=\"text-align: center;\">100% SOSTENIBLE<\/p>\n<p>[\/vc_column_text][\/vc_column_inner][vc_column_inner width=\u00bb1\/3&#8243;][\/vc_column_inner][vc_column_inner width=\u00bb1\/3&#8243;][vc_column_text]<\/p>\n<p style=\"text-align: center;\">100% MEMORABLE<\/p>\n<p>[\/vc_column_text][\/vc_column_inner][\/vc_row_inner][\/vc_column][\/vc_row][vc_row full_width=\u00bbstretch_row_content_no_spaces\u00bb el_class=\u00bbgestion\u00bb][vc_column][vc_single_image image=\u00bb89521&#8243; img_size=\u00bbfull\u00bb alignment=\u00bbcenter\u00bb][vc_custom_heading text=\u00bbGESTIONE SUS PEDIDOS EN UN PLIS\u00bb font_container=\u00bbtag:h2|text_align:center\u00bb use_theme_fonts=\u00bbyes\u00bb][vc_column_text]<\/p>\n<p style=\"text-align: center;\">Como cliente profesional tendr\u00e1 acceso a nuestro portal exclusivo para realizar sus pedidos de la manera m\u00e1s sencilla, c\u00f3moda y eficiente. En menos de 1 minuto.<\/p>\n<p>[\/vc_column_text][\/vc_column][\/vc_row][vc_row][vc_column][vc_row el_id=\"contact\" el_class=\"contacto\"][vc_column width=\"1\/2\"][vc_custom_heading text=\"D\u00c9JANOS EXPLICARTE TODO LO QUE PODEMOS HACER POR TI\" use_theme_fonts=\"yes\"][vc_column_text]Facil\u00edtanos tus datos y uno de nuestros comerciales te explicar\u00e1 de manera personal todas las ventajas que podemos ofrecerte como profesional.[\/vc_column_text][vc_row_inner][vc_column_inner width=\"1\/4\"][vc_single_image image=\"96890\" img_size=\"full\" style=\"vc_box_circle_2\" css=\"\"][\/vc_column_inner][vc_column_inner el_class=\"consultor\" width=\"3\/4\"][vc_column_text css=\"\"]<strong>Andrea Luque<\/strong>\r\n\r\nEspecialista en eventos\r\n\r\n+34 653 88 29 94\r\n\r\n<a href=\"mailto:eventos@cafedefinca.es\">eventos@cafedefinca.es<\/a>[\/vc_column_text][\/vc_column_inner][\/vc_row_inner][\/vc_column][vc_column width=\"1\/2\"]\n<div class=\"wpcf7 no-js\" id=\"wpcf7-f90024-o1\" lang=\"es-ES\" dir=\"ltr\" data-wpcf7-id=\"90024\">\n<div class=\"screen-reader-response\"><p role=\"status\" aria-live=\"polite\" aria-atomic=\"true\"><\/p> <ul><\/ul><\/div>\n<form action=\"\/profesional\/wp-json\/wp\/v2\/pages\/89574#wpcf7-f90024-o1\" method=\"post\" class=\"wpcf7-form init\" aria-label=\"Formulario de contacto\" novalidate=\"novalidate\" data-status=\"init\">\n<fieldset class=\"hidden-fields-container\"><input type=\"hidden\" name=\"_wpcf7\" value=\"90024\" \/><input type=\"hidden\" name=\"_wpcf7_version\" value=\"6.1.5\" \/><input type=\"hidden\" name=\"_wpcf7_locale\" value=\"es_ES\" \/><input type=\"hidden\" name=\"_wpcf7_unit_tag\" value=\"wpcf7-f90024-o1\" \/><input type=\"hidden\" name=\"_wpcf7_container_post\" value=\"0\" \/><input type=\"hidden\" name=\"_wpcf7_posted_data_hash\" value=\"\" \/><input type=\"hidden\" name=\"_wpcf7_recaptcha_response\" value=\"\" \/>\n<\/fieldset>\n<p><span class=\"wpcf7-form-control-wrap\" data-name=\"your-name\"><input size=\"40\" maxlength=\"400\" class=\"wpcf7-form-control wpcf7-text wpcf7-validates-as-required\" aria-required=\"true\" aria-invalid=\"false\" placeholder=\"NOMBRE *\" value=\"\" type=\"text\" name=\"your-name\" \/><\/span>\n<\/p>\n<p><span class=\"wpcf7-form-control-wrap\" data-name=\"company\"><input size=\"40\" maxlength=\"400\" class=\"wpcf7-form-control wpcf7-text wpcf7-validates-as-required\" aria-required=\"true\" aria-invalid=\"false\" placeholder=\"NOMBRE DE LA EMPRESA *\" value=\"\" type=\"text\" name=\"company\" \/><\/span>\n<\/p>\n<p><span class=\"wpcf7-form-control-wrap\" data-name=\"your-email\"><input size=\"40\" maxlength=\"400\" class=\"wpcf7-form-control wpcf7-email wpcf7-validates-as-required wpcf7-text wpcf7-validates-as-email\" aria-required=\"true\" aria-invalid=\"false\" placeholder=\"EMAIL *\" value=\"\" type=\"email\" name=\"your-email\" \/><\/span>\n<\/p>\n<p><span class=\"wpcf7-form-control-wrap\" data-name=\"movil\"><input size=\"40\" maxlength=\"400\" class=\"wpcf7-form-control wpcf7-text wpcf7-validates-as-required\" aria-required=\"true\" aria-invalid=\"false\" placeholder=\"M\u00d3VIL\" value=\"\" type=\"text\" name=\"movil\" \/><\/span>\n<\/p>\n<p><span class=\"wpcf7-form-control-wrap\" data-name=\"mensaje\"><textarea cols=\"40\" rows=\"10\" maxlength=\"2000\" class=\"wpcf7-form-control wpcf7-textarea wpcf7-validates-as-required\" aria-required=\"true\" aria-invalid=\"false\" placeholder=\"MENSAJE\" name=\"mensaje\"><\/textarea><\/span>\n<\/p>\n<p><span class=\"wpcf7-form-control-wrap\" data-name=\"acceptance-966\"><span class=\"wpcf7-form-control wpcf7-acceptance\"><span class=\"wpcf7-list-item\"><label><input type=\"checkbox\" name=\"acceptance-966\" value=\"1\" aria-invalid=\"false\" \/><span class=\"wpcf7-list-item-label\">Al hacer clic en enviar est\u00e1s aceptado la pol\u00edtica de privacidad.<\/span><\/label><\/span><\/span><\/span>\n<\/p>\n<p><input class=\"wpcf7-form-control wpcf7-submit has-spinner\" type=\"submit\" value=\"ENVIAR\" \/>\n<\/p><div class=\"wpcf7-response-output\" aria-hidden=\"true\"><\/div>\n<\/form>\n<\/div>\n[\/vc_column][\/vc_row][\/vc_column][\/vc_row][vc_row full_width=\u00bbstretch_row_content_no_spaces\u00bb css=\u00bb.vc_custom_1686568527926{background-image: url(http:\/\/cafedefinca.com\/profesional\/app\/uploads\/2023\/06\/background-generico.jpg?id=89526) !important;background-position: center !important;background-repeat: no-repeat !important;background-size: cover !important;}\u00bb][vc_column][vc_empty_space height=\u00bb398px\u00bb][\/vc_column][\/vc_row]<\/p>\n<\/div>","protected":false},"excerpt":{"rendered":"<p>[vc_row full_width=\u00bbstretch_row_content_no_spaces\u00bb css=\u00bb.vc_custom_1687784508395{background-image: url(http:\/\/cafedefinca.com\/profesional\/app\/uploads\/2023\/06\/background-eventos-2.jpg?id=89697) !important;background-position: center !important;background-repeat: no-repeat !important;background-size: cover !important;}\u00bb el_class=\u00bbbanner\u00bb][vc_column][vc_custom_heading text=\u00bbLLEVAMOS EL MEJOR CAF\u00c9 DE ESPECIALIDAD ALL\u00cd DONDE EST\u00c9 LA ACCI\u00d3N\u00bb font_container=\u00bbtag:h1|text_align:center\u00bb use_theme_fonts=\u00bbyes\u00bb][vc_btn title=\u00bbINF\u00d3RMESE\u00bb style=\u00bbclassic\u00bb align=\u00bbcenter\u00bb link=\u00bburl:%23contact\u00bb][\/vc_column][\/vc_row][vc_row full_width=\u00bbstretch_row_content\u00bb el_class=\u00bbsecciones-menu\u00bb][vc_column][vc_row_inner][vc_column_inner][vc_custom_heading text=\u00bbUN PARTNER DE CALIDAD PARA SU EVENTO\u00bb font_container=\u00bbtag:h2|text_align:center\u00bb use_theme_fonts=\u00bbyes\u00bb][vc_column_text] Podemos organizar un coffe-break memorable. O podemos, incluso, dise\u00f1ar todo un evento y una experiencia [&hellip;]<\/p>\n","protected":false},"author":438,"featured_media":0,"parent":0,"menu_order":0,"comment_status":"closed","ping_status":"closed","template":"","meta":{"_acf_changed":false,"inline_featured_image":false,"footnotes":""},"class_list":["post-89574","page","type-page","status-publish","hentry"],"acf":[],"_links":{"self":[{"href":"https:\/\/cafedefinca.com\/profesional\/wp-json\/wp\/v2\/pages\/89574","targetHints":{"allow":["GET"]}}],"collection":[{"href":"https:\/\/cafedefinca.com\/profesional\/wp-json\/wp\/v2\/pages"}],"about":[{"href":"https:\/\/cafedefinca.com\/profesional\/wp-json\/wp\/v2\/types\/page"}],"author":[{"embeddable":true,"href":"https:\/\/cafedefinca.com\/profesional\/wp-json\/wp\/v2\/users\/438"}],"replies":[{"embeddable":true,"href":"https:\/\/cafedefinca.com\/profesional\/wp-json\/wp\/v2\/comments?post=89574"}],"version-history":[{"count":12,"href":"https:\/\/cafedefinca.com\/profesional\/wp-json\/wp\/v2\/pages\/89574\/revisions"}],"predecessor-version":[{"id":90301,"href":"https:\/\/cafedefinca.com\/profesional\/wp-json\/wp\/v2\/pages\/89574\/revisions\/90301"}],"wp:attachment":[{"href":"https:\/\/cafedefinca.com\/profesional\/wp-json\/wp\/v2\/media?parent=89574"}],"curies":[{"name":"wp","href":"https:\/\/api.w.org\/{rel}","templated":true}]}}